{"id":1102,"date":"2019-08-27T11:44:45","date_gmt":"2019-08-27T15:44:45","guid":{"rendered":"http:\/\/pmi-del.cebem.org\/?page_id=1102"},"modified":"2019-08-27T18:50:27","modified_gmt":"2019-08-27T22:50:27","slug":"otros-documentos","status":"publish","type":"page","link":"https:\/\/pmi-del.cebem.org\/?page_id=1102","title":{"rendered":"Otros documentos"},"content":{"rendered":"\n<div class=\"wp-block-media-text\" style=\"grid-template-columns:40% auto\"><figure class=\"wp-block-media-text__media\"><img data-attachment-id=\"1105\" data-permalink=\"https:\/\/pmi-del.cebem.org\/?attachment_id=1105\" data-orig-file=\"https:\/\/i0.wp.com\/pmi-del.cebem.org\/wp-content\/uploads\/2019\/08\/doc-estudio-tematico-juventud.jpg?fit=489%2C632&amp;ssl=1\" data-orig-size=\"489,632\" data-comments-opened=\"1\" data-image-meta=\"{&quot;aperture&quot;:&quot;0&quot;,&quot;credit&quot;:&quot;&quot;,&quot;camera&quot;:&quot;&quot;,&quot;caption&quot;:&quot;&quot;,&quot;created_timestamp&quot;:&quot;0&quot;,&quot;copyright&quot;:&quot;&quot;,&quot;focal_length&quot;:&quot;0&quot;,&quot;iso&quot;:&quot;0&quot;,&quot;shutter_speed&quot;:&quot;0&quot;,&quot;title&quot;:&quot;&quot;,&quot;orientation&quot;:&quot;0&quot;}\" data-image-title=\"doc-estudio-tematico-juventud\" data-image-description=\"\" data-image-caption=\"\" data-medium-file=\"https:\/\/i0.wp.com\/pmi-del.cebem.org\/wp-content\/uploads\/2019\/08\/doc-estudio-tematico-juventud.jpg?fit=232%2C300&amp;ssl=1\" data-large-file=\"https:\/\/i0.wp.com\/pmi-del.cebem.org\/wp-content\/uploads\/2019\/08\/doc-estudio-tematico-juventud.jpg?fit=489%2C632&amp;ssl=1\" loading=\"lazy\" width=\"489\" height=\"632\" src=\"https:\/\/i0.wp.com\/pmi-del.cebem.org\/wp-content\/uploads\/2019\/08\/doc-estudio-tematico-juventud.jpg?resize=489%2C632&#038;ssl=1\" alt=\"\" class=\"wp-image-1105\" srcset=\"https:\/\/i0.wp.com\/pmi-del.cebem.org\/wp-content\/uploads\/2019\/08\/doc-estudio-tematico-juventud.jpg?w=489&amp;ssl=1 489w, https:\/\/i0.wp.com\/pmi-del.cebem.org\/wp-content\/uploads\/2019\/08\/doc-estudio-tematico-juventud.jpg?resize=232%2C300&amp;ssl=1 232w\" sizes=\"(max-width: 489px) 100vw, 489px\" data-recalc-dims=\"1\" \/><\/figure><div class=\"wp-block-media-text__content\">\n<h3>Bolivia: ESTUDIO TEM\u00c1TICO DE LA JUVENTUD <\/h3>\n\n\n\n<p style=\"text-align:justify\">El documento aporta con la generaci\u00f3n de informaci\u00f3n relativa al estado de situaci\u00f3n de adolescentes y j\u00f3venes del pa\u00eds. El an\u00e1lisis del documento se realiz\u00f3 a partir de los censos de poblaci\u00f3n y vivienda 1992, 2001 y 2012, registros administrativos de Educaci\u00f3n y Salud &#8211; Encuesta de Demograf\u00eda y Salud (EDSA) 2016 y Encuesta de Hogares (EH) 1992, 2001 y 2012.<br> \u25bc <a rel=\"noreferrer noopener\" aria-label=\"DESCARGAR DOCUMENTO (opens in a new tab)\" href=\"https:\/\/pmi-del.cebem.org\/wp-content\/uploads\/2019\/08\/Estudio-Tem\u00e1tico-de-la-Juventud-Bolivia-2018.pdf\" target=\"_blank\"><strong>DESCARGAR DOCUMENTO<\/strong><\/a><\/p>\n<\/div><\/div>\n\n\n\n<hr class=\"wp-block-separator is-style-wide\"\/>\n\n\n\n<div class=\"wp-block-media-text\" style=\"grid-template-columns:40% auto\"><figure class=\"wp-block-media-text__media\"><img data-attachment-id=\"1106\" data-permalink=\"https:\/\/pmi-del.cebem.org\/?attachment_id=1106\" data-orig-file=\"https:\/\/i0.wp.com\/pmi-del.cebem.org\/wp-content\/uploads\/2019\/08\/doc-onu-mujeres-informe2018.jpg?fit=547%2C709&amp;ssl=1\" data-orig-size=\"547,709\" data-comments-opened=\"1\" data-image-meta=\"{&quot;aperture&quot;:&quot;0&quot;,&quot;credit&quot;:&quot;&quot;,&quot;camera&quot;:&quot;&quot;,&quot;caption&quot;:&quot;&quot;,&quot;created_timestamp&quot;:&quot;0&quot;,&quot;copyright&quot;:&quot;&quot;,&quot;focal_length&quot;:&quot;0&quot;,&quot;iso&quot;:&quot;0&quot;,&quot;shutter_speed&quot;:&quot;0&quot;,&quot;title&quot;:&quot;&quot;,&quot;orientation&quot;:&quot;0&quot;}\" data-image-title=\"doc-onu-mujeres-informe2018\" data-image-description=\"\" data-image-caption=\"\" data-medium-file=\"https:\/\/i0.wp.com\/pmi-del.cebem.org\/wp-content\/uploads\/2019\/08\/doc-onu-mujeres-informe2018.jpg?fit=231%2C300&amp;ssl=1\" data-large-file=\"https:\/\/i0.wp.com\/pmi-del.cebem.org\/wp-content\/uploads\/2019\/08\/doc-onu-mujeres-informe2018.jpg?fit=547%2C709&amp;ssl=1\" loading=\"lazy\" width=\"547\" height=\"709\" src=\"https:\/\/i0.wp.com\/pmi-del.cebem.org\/wp-content\/uploads\/2019\/08\/doc-onu-mujeres-informe2018.jpg?resize=547%2C709&#038;ssl=1\" alt=\"\" class=\"wp-image-1106\" srcset=\"https:\/\/i0.wp.com\/pmi-del.cebem.org\/wp-content\/uploads\/2019\/08\/doc-onu-mujeres-informe2018.jpg?w=547&amp;ssl=1 547w, https:\/\/i0.wp.com\/pmi-del.cebem.org\/wp-content\/uploads\/2019\/08\/doc-onu-mujeres-informe2018.jpg?resize=231%2C300&amp;ssl=1 231w\" sizes=\"(max-width: 547px) 100vw, 547px\" data-recalc-dims=\"1\" \/><\/figure><div class=\"wp-block-media-text__content\">\n<h3>ONU MUJERES Informe Anual 2018<\/h3>\n\n\n\n<p style=\"text-align:justify\">Nos complace compartir con ustedes, como todos los a\u00f1os, el Informe Anual, resultado del trabajo que se realiza en el pa\u00eds. Estos logros fueron posibles gracias al apoyo financiero de los gobiernos de Italia y Suiza, a trav\u00e9s de sus oficinas de cooperaci\u00f3n en Bolivia, y permiten contribuir a la igualdad de g\u00e9nero y avanzar hacia el cumplimiento de la agenda 2030.<strong><a rel=\"noreferrer noopener\" aria-label=\"\nDESCARGAR DOCUMENTO (opens in a new tab)\" href=\"https:\/\/pmi-del.cebem.org\/wp-content\/uploads\/2019\/08\/MEMORIA-ONU-MUJERES-2018-Bolivia.pdf\" target=\"_blank\"><br><\/a><\/strong> \u25bc <strong><a rel=\"noreferrer noopener\" aria-label=\"\nDESCARGAR DOCUMENTO (opens in a new tab)\" href=\"https:\/\/pmi-del.cebem.org\/wp-content\/uploads\/2019\/08\/MEMORIA-ONU-MUJERES-2018-Bolivia.pdf\" target=\"_blank\">DESCARGAR DOCUMENTO<\/a><\/strong><\/p>\n<\/div><\/div>\n","protected":false},"excerpt":{"rendered":"<p>Bolivia: ESTUDIO TEM\u00c1TICO DE LA JUVENTUD El documento aporta con la generaci\u00f3n de informaci\u00f3n relativa al estado de situaci\u00f3n de adolescentes y j\u00f3venes del pa\u00eds. El an\u00e1lisis del documento se realiz\u00f3 a partir de los censos de poblaci\u00f3n y vivienda 1992, 2001 y 2012, registros administrativos de Educaci\u00f3n y Salud &#8211; Encuesta de Demograf\u00eda y [&hellip;]<\/p>\n","protected":false},"author":3,"featured_media":0,"parent":64,"menu_order":0,"comment_status":"closed","ping_status":"closed","template":"","meta":[],"jetpack_sharing_enabled":true,"jetpack_shortlink":"https:\/\/wp.me\/P9d00R-hM","_links":{"self":[{"href":"https:\/\/pmi-del.cebem.org\/index.php?rest_route=\/wp\/v2\/pages\/1102"}],"collection":[{"href":"https:\/\/pmi-del.cebem.org\/index.php?rest_route=\/wp\/v2\/pages"}],"about":[{"href":"https:\/\/pmi-del.cebem.org\/index.php?rest_route=\/wp\/v2\/types\/page"}],"author":[{"embeddable":true,"href":"https:\/\/pmi-del.cebem.org\/index.php?rest_route=\/wp\/v2\/users\/3"}],"replies":[{"embeddable":true,"href":"https:\/\/pmi-del.cebem.org\/index.php?rest_route=%2Fwp%2Fv2%2Fcomments&post=1102"}],"version-history":[{"count":12,"href":"https:\/\/pmi-del.cebem.org\/index.php?rest_route=\/wp\/v2\/pages\/1102\/revisions"}],"predecessor-version":[{"id":1121,"href":"https:\/\/pmi-del.cebem.org\/index.php?rest_route=\/wp\/v2\/pages\/1102\/revisions\/1121"}],"up":[{"embeddable":true,"href":"https:\/\/pmi-del.cebem.org\/index.php?rest_route=\/wp\/v2\/pages\/64"}],"wp:attachment":[{"href":"https:\/\/pmi-del.cebem.org\/index.php?rest_route=%2Fwp%2Fv2%2Fmedia&parent=1102"}],"curies":[{"name":"wp","href":"https:\/\/api.w.org\/{rel}","templated":true}]}}