{"id":11,"date":"2017-09-08T12:02:07","date_gmt":"2017-09-08T16:02:07","guid":{"rendered":"http:\/\/pmi-del.cebem.org\/?page_id=11"},"modified":"2020-11-20T10:41:38","modified_gmt":"2020-11-20T14:41:38","slug":"asociaciones","status":"publish","type":"page","link":"https:\/\/pmi-del.cebem.org\/?page_id=11","title":{"rendered":"Asociaciones Municipales"},"content":{"rendered":"\n<hr class=\"wp-block-separator is-style-wide\"\/>\n\n\n\n<h2>En Canad\u00e1<\/h2>\n\n\n\n<div class=\"wp-container-3 wp-block-columns has-2-columns\">\n<div class=\"wp-container-1 wp-block-column\">\n<div class=\"wp-block-image\"><figure class=\"aligncenter\"><img data-attachment-id=\"655\" data-permalink=\"https:\/\/pmi-del.cebem.org\/?attachment_id=655\" data-orig-file=\"https:\/\/i0.wp.com\/pmi-del.cebem.org\/wp-content\/uploads\/2019\/03\/fcm-logo.png?fit=240%2C34&amp;ssl=1\" data-orig-size=\"240,34\" data-comments-opened=\"1\" data-image-meta=\"{&quot;aperture&quot;:&quot;0&quot;,&quot;credit&quot;:&quot;&quot;,&quot;camera&quot;:&quot;&quot;,&quot;caption&quot;:&quot;&quot;,&quot;created_timestamp&quot;:&quot;0&quot;,&quot;copyright&quot;:&quot;&quot;,&quot;focal_length&quot;:&quot;0&quot;,&quot;iso&quot;:&quot;0&quot;,&quot;shutter_speed&quot;:&quot;0&quot;,&quot;title&quot;:&quot;&quot;,&quot;orientation&quot;:&quot;0&quot;}\" data-image-title=\"fcm-logo\" data-image-description=\"\" data-image-caption=\"\" data-medium-file=\"https:\/\/i0.wp.com\/pmi-del.cebem.org\/wp-content\/uploads\/2019\/03\/fcm-logo.png?fit=240%2C34&amp;ssl=1\" data-large-file=\"https:\/\/i0.wp.com\/pmi-del.cebem.org\/wp-content\/uploads\/2019\/03\/fcm-logo.png?fit=240%2C34&amp;ssl=1\" loading=\"lazy\" width=\"240\" height=\"34\" src=\"https:\/\/i0.wp.com\/pmi-del.cebem.org\/wp-content\/uploads\/2019\/03\/fcm-logo.png?resize=240%2C34&#038;ssl=1\" alt=\"\" class=\"wp-image-655\" data-recalc-dims=\"1\"\/><\/figure><\/div>\n\n\n\n<p>La Federaci\u00f3n Canadiense de Municipalidades (<a href=\"https:\/\/fcm.ca\/en\" target=\"_blank\" rel=\"noreferrer noopener\" aria-label=\"FCM (opens in a new tab)\">FCM<\/a>) es titular principal del Programa. A trav\u00e9s de ella se canaliza los recursos financieros y humanos proporcionados por el Gobierno de Canad\u00e1.<\/p>\n<\/div>\n\n\n\n<div class=\"wp-container-2 wp-block-column\"><\/div>\n<\/div>\n\n\n\n<hr class=\"wp-block-separator is-style-wide\"\/>\n\n\n\n<h2>En Bolivia<\/h2>\n\n\n\n<div class=\"wp-container-7 wp-block-columns has-3-columns\">\n<div class=\"wp-container-4 wp-block-column\">\n<div class=\"wp-block-image\"><figure class=\"aligncenter\"><img data-attachment-id=\"387\" data-permalink=\"https:\/\/pmi-del.cebem.org\/?attachment_id=387\" data-orig-file=\"https:\/\/i0.wp.com\/pmi-del.cebem.org\/wp-content\/uploads\/2017\/09\/logo-fam.png?fit=180%2C170&amp;ssl=1\" data-orig-size=\"180,170\" data-comments-opened=\"1\" data-image-meta=\"{&quot;aperture&quot;:&quot;0&quot;,&quot;credit&quot;:&quot;&quot;,&quot;camera&quot;:&quot;&quot;,&quot;caption&quot;:&quot;&quot;,&quot;created_timestamp&quot;:&quot;0&quot;,&quot;copyright&quot;:&quot;&quot;,&quot;focal_length&quot;:&quot;0&quot;,&quot;iso&quot;:&quot;0&quot;,&quot;shutter_speed&quot;:&quot;0&quot;,&quot;title&quot;:&quot;&quot;,&quot;orientation&quot;:&quot;0&quot;}\" data-image-title=\"logo-fam\" data-image-description=\"\" data-image-caption=\"\" data-medium-file=\"https:\/\/i0.wp.com\/pmi-del.cebem.org\/wp-content\/uploads\/2017\/09\/logo-fam.png?fit=180%2C170&amp;ssl=1\" data-large-file=\"https:\/\/i0.wp.com\/pmi-del.cebem.org\/wp-content\/uploads\/2017\/09\/logo-fam.png?fit=180%2C170&amp;ssl=1\" loading=\"lazy\" width=\"180\" height=\"170\" src=\"https:\/\/i0.wp.com\/pmi-del.cebem.org\/wp-content\/uploads\/2017\/09\/logo-fam.png?resize=180%2C170&#038;ssl=1\" alt=\"\" class=\"wp-image-387\" data-recalc-dims=\"1\"\/><\/figure><\/div>\n\n\n\n<p>La Federaci\u00f3n de Asociaciones Municipales de Bolivia (<a href=\"http:\/\/fam.org.bo\/\" target=\"_blank\" rel=\"noreferrer noopener\" aria-label=\"FAM-Bolivia (opens in a new tab)\">FAM-Bolivia<\/a>) representa a los Gobiernos Aut\u00f3nomos Municipales.<\/p>\n<\/div>\n\n\n\n<div class=\"wp-container-5 wp-block-column\">\n<div class=\"wp-block-image\"><figure class=\"aligncenter\"><img data-attachment-id=\"389\" data-permalink=\"https:\/\/pmi-del.cebem.org\/?attachment_id=389\" data-orig-file=\"https:\/\/i0.wp.com\/pmi-del.cebem.org\/wp-content\/uploads\/2017\/09\/logo-amb.png?fit=180%2C137&amp;ssl=1\" data-orig-size=\"180,137\" data-comments-opened=\"1\" data-image-meta=\"{&quot;aperture&quot;:&quot;0&quot;,&quot;credit&quot;:&quot;&quot;,&quot;camera&quot;:&quot;&quot;,&quot;caption&quot;:&quot;&quot;,&quot;created_timestamp&quot;:&quot;0&quot;,&quot;copyright&quot;:&quot;&quot;,&quot;focal_length&quot;:&quot;0&quot;,&quot;iso&quot;:&quot;0&quot;,&quot;shutter_speed&quot;:&quot;0&quot;,&quot;title&quot;:&quot;&quot;,&quot;orientation&quot;:&quot;0&quot;}\" data-image-title=\"logo-amb\" data-image-description=\"\" data-image-caption=\"\" data-medium-file=\"https:\/\/i0.wp.com\/pmi-del.cebem.org\/wp-content\/uploads\/2017\/09\/logo-amb.png?fit=180%2C137&amp;ssl=1\" data-large-file=\"https:\/\/i0.wp.com\/pmi-del.cebem.org\/wp-content\/uploads\/2017\/09\/logo-amb.png?fit=180%2C137&amp;ssl=1\" loading=\"lazy\" width=\"180\" height=\"137\" src=\"https:\/\/i0.wp.com\/pmi-del.cebem.org\/wp-content\/uploads\/2017\/09\/logo-amb.png?resize=180%2C137&#038;ssl=1\" alt=\"\" class=\"wp-image-389\" data-recalc-dims=\"1\"\/><\/figure><\/div>\n\n\n\n<p>La Asociaci\u00f3n de Municipios de Bolivia (<a href=\"http:\/\/amb.bo\/\" target=\"_blank\" rel=\"noreferrer noopener\" aria-label=\"AMB (opens in a new tab)\">AMB<\/a>) representa a los Gobiernos Municipales como miembro de FAM-Bolivia.<br><\/p>\n<\/div>\n\n\n\n<div class=\"wp-container-6 wp-block-column\">\n<div class=\"wp-block-image\"><figure class=\"aligncenter\"><img data-attachment-id=\"390\" data-permalink=\"https:\/\/pmi-del.cebem.org\/?attachment_id=390\" data-orig-file=\"https:\/\/i0.wp.com\/pmi-del.cebem.org\/wp-content\/uploads\/2017\/09\/logo-acobol.png?fit=180%2C155&amp;ssl=1\" data-orig-size=\"180,155\" data-comments-opened=\"1\" data-image-meta=\"{&quot;aperture&quot;:&quot;0&quot;,&quot;credit&quot;:&quot;&quot;,&quot;camera&quot;:&quot;&quot;,&quot;caption&quot;:&quot;&quot;,&quot;created_timestamp&quot;:&quot;0&quot;,&quot;copyright&quot;:&quot;&quot;,&quot;focal_length&quot;:&quot;0&quot;,&quot;iso&quot;:&quot;0&quot;,&quot;shutter_speed&quot;:&quot;0&quot;,&quot;title&quot;:&quot;&quot;,&quot;orientation&quot;:&quot;0&quot;}\" data-image-title=\"logo-acobol\" data-image-description=\"\" data-image-caption=\"\" data-medium-file=\"https:\/\/i0.wp.com\/pmi-del.cebem.org\/wp-content\/uploads\/2017\/09\/logo-acobol.png?fit=180%2C155&amp;ssl=1\" data-large-file=\"https:\/\/i0.wp.com\/pmi-del.cebem.org\/wp-content\/uploads\/2017\/09\/logo-acobol.png?fit=180%2C155&amp;ssl=1\" loading=\"lazy\" width=\"180\" height=\"155\" src=\"https:\/\/i0.wp.com\/pmi-del.cebem.org\/wp-content\/uploads\/2017\/09\/logo-acobol.png?resize=180%2C155&#038;ssl=1\" alt=\"\" class=\"wp-image-390\" data-recalc-dims=\"1\"\/><\/figure><\/div>\n\n\n\n<p>La Asociaci\u00f3n de Concejalas de Bolivia (<a href=\"https:\/\/www.facebook.com\/Asociaci%C3%B3n-de-Concejalas-y-Alcaldesas-de-Bolivia-985895948202210\/\" target=\"_blank\" rel=\"noreferrer noopener\" aria-label=\"ACOBOL (opens in a new tab)\">ACOBOL<\/a>) re\u00fane a las Alcaldesas y Concejalas de todo el pa\u00eds como integrante de FAM-Bolivia.<\/p>\n<\/div>\n<\/div>\n\n\n\n<div class=\"wp-container-10 wp-block-columns has-2-columns\">\n<div class=\"wp-container-8 wp-block-column\">\n<div class=\"wp-block-image\"><figure class=\"aligncenter\"><img data-attachment-id=\"391\" data-permalink=\"https:\/\/pmi-del.cebem.org\/?attachment_id=391\" data-orig-file=\"https:\/\/i0.wp.com\/pmi-del.cebem.org\/wp-content\/uploads\/2017\/09\/logo-amdeco.png?fit=240%2C81&amp;ssl=1\" data-orig-size=\"240,81\" data-comments-opened=\"1\" data-image-meta=\"{&quot;aperture&quot;:&quot;0&quot;,&quot;credit&quot;:&quot;&quot;,&quot;camera&quot;:&quot;&quot;,&quot;caption&quot;:&quot;&quot;,&quot;created_timestamp&quot;:&quot;0&quot;,&quot;copyright&quot;:&quot;&quot;,&quot;focal_length&quot;:&quot;0&quot;,&quot;iso&quot;:&quot;0&quot;,&quot;shutter_speed&quot;:&quot;0&quot;,&quot;title&quot;:&quot;&quot;,&quot;orientation&quot;:&quot;0&quot;}\" data-image-title=\"logo-amdeco\" data-image-description=\"\" data-image-caption=\"\" data-medium-file=\"https:\/\/i0.wp.com\/pmi-del.cebem.org\/wp-content\/uploads\/2017\/09\/logo-amdeco.png?fit=240%2C81&amp;ssl=1\" data-large-file=\"https:\/\/i0.wp.com\/pmi-del.cebem.org\/wp-content\/uploads\/2017\/09\/logo-amdeco.png?fit=240%2C81&amp;ssl=1\" loading=\"lazy\" width=\"240\" height=\"81\" src=\"https:\/\/i0.wp.com\/pmi-del.cebem.org\/wp-content\/uploads\/2017\/09\/logo-amdeco.png?resize=240%2C81&#038;ssl=1\" alt=\"\" class=\"wp-image-391\" data-recalc-dims=\"1\"\/><\/figure><\/div>\n\n\n\n<p>La Asociaci\u00f3n de Gobiernos Municipales de Cochabamba (<a href=\"http:\/\/www.amdeco.org.bo\/\" target=\"_blank\" rel=\"noreferrer noopener\" aria-label=\"AMDECO (opens in a new tab)\">AMDECO<\/a>) representa a los Gobiernos Municipales de ese departamento, incluido Vinto. <\/p>\n<\/div>\n\n\n\n<div class=\"wp-container-9 wp-block-column\">\n<div class=\"wp-block-image\"><figure class=\"aligncenter\"><img data-attachment-id=\"392\" data-permalink=\"https:\/\/pmi-del.cebem.org\/?attachment_id=392\" data-orig-file=\"https:\/\/i0.wp.com\/pmi-del.cebem.org\/wp-content\/uploads\/2017\/09\/logo-amdecruz.png?fit=240%2C72&amp;ssl=1\" data-orig-size=\"240,72\" data-comments-opened=\"1\" data-image-meta=\"{&quot;aperture&quot;:&quot;0&quot;,&quot;credit&quot;:&quot;&quot;,&quot;camera&quot;:&quot;&quot;,&quot;caption&quot;:&quot;&quot;,&quot;created_timestamp&quot;:&quot;0&quot;,&quot;copyright&quot;:&quot;&quot;,&quot;focal_length&quot;:&quot;0&quot;,&quot;iso&quot;:&quot;0&quot;,&quot;shutter_speed&quot;:&quot;0&quot;,&quot;title&quot;:&quot;&quot;,&quot;orientation&quot;:&quot;0&quot;}\" data-image-title=\"logo-amdecruz\" data-image-description=\"\" data-image-caption=\"\" data-medium-file=\"https:\/\/i0.wp.com\/pmi-del.cebem.org\/wp-content\/uploads\/2017\/09\/logo-amdecruz.png?fit=240%2C72&amp;ssl=1\" data-large-file=\"https:\/\/i0.wp.com\/pmi-del.cebem.org\/wp-content\/uploads\/2017\/09\/logo-amdecruz.png?fit=240%2C72&amp;ssl=1\" loading=\"lazy\" width=\"240\" height=\"72\" src=\"https:\/\/i0.wp.com\/pmi-del.cebem.org\/wp-content\/uploads\/2017\/09\/logo-amdecruz.png?resize=240%2C72&#038;ssl=1\" alt=\"\" class=\"wp-image-392\" data-recalc-dims=\"1\"\/><\/figure><\/div>\n\n\n\n<p>La Asociaci\u00f3n de Municipios de Santa Cruz (<a href=\"http:\/\/amdecruz.com\/\" target=\"_blank\" rel=\"noreferrer noopener\" aria-label=\"AMDECRUZ (opens in a new tab)\">AMDECRUZ<\/a>) aglomera a los Gobiernos Municipales de ese departamento, incluido Pail\u00f3n.<\/p>\n<\/div>\n<\/div>\n","protected":false},"excerpt":{"rendered":"<p>En Canad\u00e1 La Federaci\u00f3n Canadiense de Municipalidades (FCM) es titular principal del Programa. A trav\u00e9s de ella se canaliza los recursos financieros y humanos proporcionados por el Gobierno de Canad\u00e1. En Bolivia La Federaci\u00f3n de Asociaciones Municipales de Bolivia (FAM-Bolivia) representa a los Gobiernos Aut\u00f3nomos Municipales. La Asociaci\u00f3n de Municipios de Bolivia (AMB) representa a [&hellip;]<\/p>\n","protected":false},"author":5,"featured_media":0,"parent":9,"menu_order":1,"comment_status":"closed","ping_status":"closed","template":"","meta":[],"jetpack_sharing_enabled":true,"jetpack_shortlink":"https:\/\/wp.me\/P9d00R-b","_links":{"self":[{"href":"https:\/\/pmi-del.cebem.org\/index.php?rest_route=\/wp\/v2\/pages\/11"}],"collection":[{"href":"https:\/\/pmi-del.cebem.org\/index.php?rest_route=\/wp\/v2\/pages"}],"about":[{"href":"https:\/\/pmi-del.cebem.org\/index.php?rest_route=\/wp\/v2\/types\/page"}],"author":[{"embeddable":true,"href":"https:\/\/pmi-del.cebem.org\/index.php?rest_route=\/wp\/v2\/users\/5"}],"replies":[{"embeddable":true,"href":"https:\/\/pmi-del.cebem.org\/index.php?rest_route=%2Fwp%2Fv2%2Fcomments&post=11"}],"version-history":[{"count":14,"href":"https:\/\/pmi-del.cebem.org\/index.php?rest_route=\/wp\/v2\/pages\/11\/revisions"}],"predecessor-version":[{"id":1564,"href":"https:\/\/pmi-del.cebem.org\/index.php?rest_route=\/wp\/v2\/pages\/11\/revisions\/1564"}],"up":[{"embeddable":true,"href":"https:\/\/pmi-del.cebem.org\/index.php?rest_route=\/wp\/v2\/pages\/9"}],"wp:attachment":[{"href":"https:\/\/pmi-del.cebem.org\/index.php?rest_route=%2Fwp%2Fv2%2Fmedia&parent=11"}],"curies":[{"name":"wp","href":"https:\/\/api.w.org\/{rel}","templated":true}]}}